{"id":2668,"date":"2024-01-31T09:17:08","date_gmt":"2024-01-31T08:17:08","guid":{"rendered":"https:\/\/relaxmurau.at\/?page_id=2668"},"modified":"2024-06-03T15:05:48","modified_gmt":"2024-06-03T13:05:48","slug":"marciusi-sieles-baratokkal","status":"publish","type":"page","link":"https:\/\/relaxmurau.at\/en\/ajanlataink\/feher-karacsony-a-hegyekben\/","title":{"rendered":"White Christmas in the mountains"},"content":{"rendered":"<div data-elementor-type=\"wp-page\" data-elementor-id=\"2668\" class=\"elementor elementor-2668\" data-elementor-post-type=\"page\">\n\t\t\t\t<div class=\"elementor-element elementor-element-504ed5a e-con-full e-flex e-con e-parent\" data-id=\"504ed5a\" data-element_type=\"container\" data-e-type=\"container\">\n\t\t<div class=\"elementor-element elementor-element-f474094 e-con-full e-flex e-con e-child\" data-id=\"f474094\" data-element_type=\"container\" data-e-type=\"container\" data-settings=\"{&quot;background_background&quot;:&quot;classic&quot;}\">\n\t\t\t\t<div class=\"elementor-element elementor-element-2148251 elementor-widget elementor-widget-image\" data-id=\"2148251\" data-element_type=\"widget\" data-e-type=\"widget\" data-widget_type=\"image.default\">\n\t\t\t\t<div class=\"elementor-widget-container\">\n\t\t\t\t\t\t\t\t\t\t\t\t\t\t\t<img loading=\"lazy\" decoding=\"async\" width=\"800\" height=\"800\" src=\"https:\/\/relaxmurau.at\/wp-content\/uploads\/2024\/06\/kari_csomi-1024x1024.jpg\" class=\"attachment-large size-large wp-image-3009\" alt=\"\" srcset=\"https:\/\/relaxmurau.at\/wp-content\/uploads\/2024\/06\/kari_csomi-1024x1024.jpg 1024w, https:\/\/relaxmurau.at\/wp-content\/uploads\/2024\/06\/kari_csomi-300x300.jpg 300w, https:\/\/relaxmurau.at\/wp-content\/uploads\/2024\/06\/kari_csomi-150x150.jpg 150w, https:\/\/relaxmurau.at\/wp-content\/uploads\/2024\/06\/kari_csomi-768x768.jpg 768w, https:\/\/relaxmurau.at\/wp-content\/uploads\/2024\/06\/kari_csomi-12x12.jpg 12w, https:\/\/relaxmurau.at\/wp-content\/uploads\/2024\/06\/kari_csomi.jpg 1200w\" sizes=\"auto, (max-width: 800px) 100vw, 800px\" \/>\t\t\t\t\t\t\t\t\t\t\t\t\t\t\t<\/div>\n\t\t\t\t<\/div>\n\t\t\t\t<\/div>\n\t\t<div class=\"elementor-element elementor-element-45cb386 e-con-full e-flex e-con e-child\" data-id=\"45cb386\" data-element_type=\"container\" data-e-type=\"container\">\n\t\t\t\t<div class=\"elementor-element elementor-element-3766e4a elementor-widget elementor-widget-heading\" data-id=\"3766e4a\" data-element_type=\"widget\" data-e-type=\"widget\" data-widget_type=\"heading.default\">\n\t\t\t\t<div class=\"elementor-widget-container\">\n\t\t\t\t\t<h2 class=\"elementor-heading-title elementor-size-default\">White Christmas in the mountains<\/h2>\t\t\t\t<\/div>\n\t\t\t\t<\/div>\n\t\t\t\t<div class=\"elementor-element elementor-element-cbd20f7 elementor-widget elementor-widget-text-editor\" data-id=\"cbd20f7\" data-element_type=\"widget\" data-e-type=\"widget\" data-widget_type=\"text-editor.default\">\n\t\t\t\t<div class=\"elementor-widget-container\">\n\t\t\t\t\t\t\t\t\t<p><strong>A place where you will definately have a white Christmas, with snow-safe ski slopes and a\nglistening blanket<\/strong><br \/><strong>of snow. Spend the holidays with us!<\/strong><\/p><p><strong>Valid: from 23\/12\/2024 to 26\/12\/2024<\/strong><\/p><p>The package contains the following serives:<\/p><ul><li>Accomodation in the selected room type<\/li><li>Buffet breakfast<\/li><li>Half board dinner with wide selection<\/li><li>42 km ski slope right next to the hotel*<\/li><\/ul>\t\t\t\t\t\t\t\t<\/div>\n\t\t\t\t<\/div>\n\t\t\t\t<div class=\"elementor-element elementor-element-d3a49a5 elementor-widget elementor-widget-accordion\" data-id=\"d3a49a5\" data-element_type=\"widget\" data-e-type=\"widget\" data-widget_type=\"accordion.default\">\n\t\t\t\t<div class=\"elementor-widget-container\">\n\t\t\t\t\t\t\t<div class=\"elementor-accordion\">\n\t\t\t\t\t\t\t<div class=\"elementor-accordion-item\">\n\t\t\t\t\t<div id=\"elementor-tab-title-2211\" class=\"elementor-tab-title\" data-tab=\"1\" role=\"button\" aria-controls=\"elementor-tab-content-2211\" aria-expanded=\"false\">\n\t\t\t\t\t\t\t\t\t\t\t\t\t<span class=\"elementor-accordion-icon elementor-accordion-icon-left\" aria-hidden=\"true\">\n\t\t\t\t\t\t\t\t\t\t\t\t\t\t\t<span class=\"elementor-accordion-icon-closed\"><i class=\"fas fa-plus\"><\/i><\/span>\n\t\t\t\t\t\t\t\t<span class=\"elementor-accordion-icon-opened\"><i class=\"fas fa-minus\"><\/i><\/span>\n\t\t\t\t\t\t\t\t\t\t\t\t\t\t<\/span>\n\t\t\t\t\t\t\t\t\t\t\t\t<a class=\"elementor-accordion-title\" tabindex=\"0\">Package extra:<\/a>\n\t\t\t\t\t<\/div>\n\t\t\t\t\t<div id=\"elementor-tab-content-2211\" class=\"elementor-tab-content elementor-clearfix\" data-tab=\"1\" role=\"region\" aria-labelledby=\"elementor-tab-title-2211\"><ul><li><strong>Festive dinner on all Christmas days<\/strong><\/li><li><strong>Little gift in the room<\/strong><\/li><li><strong>Christmas preparations program for the kids, with our animators<\/strong><\/li><li>Unlimited use of the panoramic wellness oasis<\/li><li>Use of bathrobe and towels<\/li><li>Free parking<\/li><li>Free WI-FI<\/li><li>VAT included<\/li><\/ul><div><span style=\"background-color: transparent; color: var( --e-global-color-text ); font-family: var( --e-global-typography-f3348a4-font-family ), Sans-serif; font-weight: var( --e-global-typography-f3348a4-font-weight ); letter-spacing: var( --e-global-typography-f3348a4-letter-spacing ); word-spacing: var( --e-global-typography-f3348a4-word-spacing );\">\u00a0<\/span><\/div><p>*The ski slope can be used for an additional fee, the ski pass can be purchased on the slope.<\/p><\/div>\n\t\t\t\t<\/div>\n\t\t\t\t\t\t\t\t<\/div>\n\t\t\t\t\t\t<\/div>\n\t\t\t\t<\/div>\n\t\t<div class=\"elementor-element elementor-element-c3fba7b e-con-full e-flex e-con e-child\" data-id=\"c3fba7b\" data-element_type=\"container\" data-e-type=\"container\">\n\t\t\t\t<div class=\"elementor-element elementor-element-b96bda8 elementor-align-center elementor-widget elementor-widget-button\" data-id=\"b96bda8\" data-element_type=\"widget\" data-e-type=\"widget\" data-widget_type=\"button.default\">\n\t\t\t\t<div class=\"elementor-widget-container\">\n\t\t\t\t\t\t\t\t\t<div class=\"elementor-button-wrapper\">\n\t\t\t\t\t<a class=\"elementor-button elementor-button-link elementor-size-sm\" href=\"https:\/\/relaxmurau.at\/en\/foglalas\/\">\n\t\t\t\t\t\t<span class=\"elementor-button-content-wrapper\">\n\t\t\t\t\t\t\t\t\t<span class=\"elementor-button-text\">book a room<\/span>\n\t\t\t\t\t<\/span>\n\t\t\t\t\t<\/a>\n\t\t\t\t<\/div>\n\t\t\t\t\t\t\t\t<\/div>\n\t\t\t\t<\/div>\n\t\t\t\t<div class=\"elementor-element elementor-element-93cb8d6 elementor-align-left elementor-widget elementor-widget-button\" data-id=\"93cb8d6\" data-element_type=\"widget\" data-e-type=\"widget\" data-widget_type=\"button.default\">\n\t\t\t\t<div class=\"elementor-widget-container\">\n\t\t\t\t\t\t\t\t\t<div class=\"elementor-button-wrapper\">\n\t\t\t\t\t<a class=\"elementor-button elementor-button-link elementor-size-sm\" href=\"#elementor-action%3Aaction%3Dpopup%3Aopen%26settings%3DeyJpZCI6IjMwNyIsInRvZ2dsZSI6ZmFsc2V9\">\n\t\t\t\t\t\t<span class=\"elementor-button-content-wrapper\">\n\t\t\t\t\t\t<span class=\"elementor-button-icon\">\n\t\t\t\t<svg xmlns=\"http:\/\/www.w3.org\/2000\/svg\" width=\"16\" height=\"16\" viewbox=\"0 0 16 16\" fill=\"none\"><circle cx=\"8\" cy=\"8\" r=\"6.5\" stroke=\"black\" stroke-opacity=\"0.54\"><\/circle><path d=\"M7 4.93204C7 4.64725 7.09061 4.42071 7.27184 4.25243C7.46602 4.08414 7.71197 4 8.00971 4C8.30744 4 8.54693 4.08414 8.72816 4.25243C8.90939 4.42071 9 4.64725 9 4.93204C9 5.20388 8.90939 5.42395 8.72816 5.59223C8.54693 5.76052 8.30744 5.84466 8.00971 5.84466C7.71197 5.84466 7.46602 5.76052 7.27184 5.59223C7.09061 5.42395 7 5.20388 7 4.93204ZM8.68932 7V12H7.31068V7H8.68932Z\" fill=\"black\" fill-opacity=\"0.54\"><\/path><\/svg>\t\t\t<\/span>\n\t\t\t\t\t\t\t\t\t<span class=\"elementor-button-text\">booking conditions<\/span>\n\t\t\t\t\t<\/span>\n\t\t\t\t\t<\/a>\n\t\t\t\t<\/div>\n\t\t\t\t\t\t\t\t<\/div>\n\t\t\t\t<\/div>\n\t\t\t\t<\/div>\n\t\t\t\t<\/div>\n\t\t\t\t<\/div>\n\t\t\t\t<\/div>","protected":false},"excerpt":{"rendered":"<p>Egy hely, ahol garant\u00e1ltan feh\u00e9r kar\u00e1csony v\u00e1r, h\u00f3biztos s\u00edp\u00e1ly\u00e1kkal, \u00e9s csillog\u00f3h\u00f3takar\u00f3val. T\u00f6ltsd vel\u00fcnk az \u00fcnnepeket! \u00c9rv\u00e9nyes: 2024.12.23-12.26. Kedvezm\u00e9nyes aj\u00e1nlatunk az al\u00e1bbi szolg\u00e1ltat\u00e1sokat tartalmazza: Sz\u00e1ll\u00e1s, a kiv\u00e1lasztott szobat\u00edpusban B\u0151s\u00e9ges b\u00fcf\u00e9reggeli F\u00e9lpanzi\u00f3s vacsora sz\u00e9les v\u00e1laszt\u00e9kkal 42 km hossz\u00fa s\u00edp\u00e1lya a sz\u00e1lloda k\u00f6zvetlen k\u00f6zel\u00e9ben* Csomag extra: \u00dcnnepi vacsora kar\u00e1csony napjain Apr\u00f3 meglepet\u00e9s a szob\u00e1ban Kar\u00e1csonyi k\u00e9sz\u00fcl\u0151d\u00e9s &#8211;\u00a0 anim\u00e1ci\u00f3s [&hellip;]<\/p>\n","protected":false},"author":4,"featured_media":2661,"parent":274,"menu_order":0,"comment_status":"closed","ping_status":"closed","template":"","meta":{"footnotes":""},"class_list":["post-2668","page","type-page","status-publish","has-post-thumbnail","hentry"],"yoast_head":"<!-- This site is optimized with the Yoast SEO plugin v27.4 - https:\/\/yoast.com\/product\/yoast-seo-wordpress\/ -->\n<title>Feh\u00e9r kar\u00e1csony a hegyekben - Relax Resort Kreischberg<\/title>\n<meta name=\"robots\" content=\"index, follow, max-snippet:-1, max-image-preview:large, max-video-preview:-1\" \/>\n<link rel=\"canonical\" href=\"https:\/\/relaxmurau.at\/en\/offers\/marciusi-sieles-baratokkal\/\" \/>\n<meta property=\"og:locale\" content=\"en_GB\" \/>\n<meta property=\"og:type\" content=\"article\" \/>\n<meta property=\"og:title\" content=\"Feh\u00e9r kar\u00e1csony a hegyekben - Relax Resort Kreischberg\" \/>\n<meta property=\"og:description\" content=\"Egy hely, ahol garant\u00e1ltan feh\u00e9r kar\u00e1csony v\u00e1r, h\u00f3biztos s\u00edp\u00e1ly\u00e1kkal, \u00e9s csillog\u00f3h\u00f3takar\u00f3val. T\u00f6ltsd vel\u00fcnk az \u00fcnnepeket! \u00c9rv\u00e9nyes: 2024.12.23-12.26. Kedvezm\u00e9nyes aj\u00e1nlatunk az al\u00e1bbi szolg\u00e1ltat\u00e1sokat tartalmazza: Sz\u00e1ll\u00e1s, a kiv\u00e1lasztott szobat\u00edpusban B\u0151s\u00e9ges b\u00fcf\u00e9reggeli F\u00e9lpanzi\u00f3s vacsora sz\u00e9les v\u00e1laszt\u00e9kkal 42 km hossz\u00fa s\u00edp\u00e1lya a sz\u00e1lloda k\u00f6zvetlen k\u00f6zel\u00e9ben* Csomag extra: \u00dcnnepi vacsora kar\u00e1csony napjain Apr\u00f3 meglepet\u00e9s a szob\u00e1ban Kar\u00e1csonyi k\u00e9sz\u00fcl\u0151d\u00e9s &#8211;\u00a0 anim\u00e1ci\u00f3s [&hellip;]\" \/>\n<meta property=\"og:url\" content=\"https:\/\/relaxmurau.at\/en\/offers\/marciusi-sieles-baratokkal\/\" \/>\n<meta property=\"og:site_name\" content=\"Relax Resort Kreischberg\" \/>\n<meta property=\"article:modified_time\" content=\"2024-06-03T13:05:48+00:00\" \/>\n<meta property=\"og:image\" content=\"https:\/\/relaxmurau.at\/wp-content\/uploads\/2024\/01\/aperol1-scaled.jpg\" \/>\n\t<meta property=\"og:image:width\" content=\"2428\" \/>\n\t<meta property=\"og:image:height\" content=\"2560\" \/>\n\t<meta property=\"og:image:type\" content=\"image\/jpeg\" \/>\n<meta name=\"twitter:card\" content=\"summary_large_image\" \/>\n<meta name=\"twitter:label1\" content=\"Estimated reading time\" \/>\n\t<meta name=\"twitter:data1\" content=\"1 minute\" \/>\n<script type=\"application\/ld+json\" class=\"yoast-schema-graph\">{\"@context\":\"https:\\\/\\\/schema.org\",\"@graph\":[{\"@type\":\"WebPage\",\"@id\":\"https:\\\/\\\/relaxmurau.at\\\/ajanlataink\\\/feher-karacsony-a-hegyekben\\\/\",\"url\":\"https:\\\/\\\/relaxmurau.at\\\/ajanlataink\\\/feher-karacsony-a-hegyekben\\\/\",\"name\":\"Feh\u00e9r kar\u00e1csony a hegyekben - Relax Resort Kreischberg\",\"isPartOf\":{\"@id\":\"https:\\\/\\\/relaxmurau.at\\\/hu\\\/#website\"},\"primaryImageOfPage\":{\"@id\":\"https:\\\/\\\/relaxmurau.at\\\/ajanlataink\\\/feher-karacsony-a-hegyekben\\\/#primaryimage\"},\"image\":{\"@id\":\"https:\\\/\\\/relaxmurau.at\\\/ajanlataink\\\/feher-karacsony-a-hegyekben\\\/#primaryimage\"},\"thumbnailUrl\":\"https:\\\/\\\/relaxmurau.at\\\/wp-content\\\/uploads\\\/2024\\\/01\\\/aperol1-scaled.jpg\",\"datePublished\":\"2024-01-31T08:17:08+00:00\",\"dateModified\":\"2024-06-03T13:05:48+00:00\",\"breadcrumb\":{\"@id\":\"https:\\\/\\\/relaxmurau.at\\\/ajanlataink\\\/feher-karacsony-a-hegyekben\\\/#breadcrumb\"},\"inLanguage\":\"en-GB\",\"potentialAction\":[{\"@type\":\"ReadAction\",\"target\":[\"https:\\\/\\\/relaxmurau.at\\\/ajanlataink\\\/feher-karacsony-a-hegyekben\\\/\"]}]},{\"@type\":\"ImageObject\",\"inLanguage\":\"en-GB\",\"@id\":\"https:\\\/\\\/relaxmurau.at\\\/ajanlataink\\\/feher-karacsony-a-hegyekben\\\/#primaryimage\",\"url\":\"https:\\\/\\\/relaxmurau.at\\\/wp-content\\\/uploads\\\/2024\\\/01\\\/aperol1-scaled.jpg\",\"contentUrl\":\"https:\\\/\\\/relaxmurau.at\\\/wp-content\\\/uploads\\\/2024\\\/01\\\/aperol1-scaled.jpg\",\"width\":2428,\"height\":2560},{\"@type\":\"BreadcrumbList\",\"@id\":\"https:\\\/\\\/relaxmurau.at\\\/ajanlataink\\\/feher-karacsony-a-hegyekben\\\/#breadcrumb\",\"itemListElement\":[{\"@type\":\"ListItem\",\"position\":1,\"name\":\"Kezd\u0151lap\",\"item\":\"https:\\\/\\\/relaxmurau.at\\\/\"},{\"@type\":\"ListItem\",\"position\":2,\"name\":\"Aj\u00e1nlataink\",\"item\":\"https:\\\/\\\/relaxmurau.at\\\/ajanlataink\\\/\"},{\"@type\":\"ListItem\",\"position\":3,\"name\":\"Feh\u00e9r kar\u00e1csony a hegyekben\"}]},{\"@type\":\"WebSite\",\"@id\":\"https:\\\/\\\/relaxmurau.at\\\/hu\\\/#website\",\"url\":\"https:\\\/\\\/relaxmurau.at\\\/hu\\\/\",\"name\":\"Relax Resort Kreischberg\",\"description\":\"Relax Resort Kreischberg\",\"publisher\":{\"@id\":\"https:\\\/\\\/relaxmurau.at\\\/hu\\\/#organization\"},\"potentialAction\":[{\"@type\":\"SearchAction\",\"target\":{\"@type\":\"EntryPoint\",\"urlTemplate\":\"https:\\\/\\\/relaxmurau.at\\\/hu\\\/?s={search_term_string}\"},\"query-input\":{\"@type\":\"PropertyValueSpecification\",\"valueRequired\":true,\"valueName\":\"search_term_string\"}}],\"inLanguage\":\"en-GB\"},{\"@type\":\"Organization\",\"@id\":\"https:\\\/\\\/relaxmurau.at\\\/hu\\\/#organization\",\"name\":\"Relax Resort Kreischberg\",\"url\":\"https:\\\/\\\/relaxmurau.at\\\/hu\\\/\",\"logo\":{\"@type\":\"ImageObject\",\"inLanguage\":\"en-GB\",\"@id\":\"https:\\\/\\\/relaxmurau.at\\\/hu\\\/#\\\/schema\\\/logo\\\/image\\\/\",\"url\":\"https:\\\/\\\/relaxmurau.at\\\/wp-content\\\/uploads\\\/2023\\\/06\\\/relaxmurau-logo-gold.png\",\"contentUrl\":\"https:\\\/\\\/relaxmurau.at\\\/wp-content\\\/uploads\\\/2023\\\/06\\\/relaxmurau-logo-gold.png\",\"width\":298,\"height\":83,\"caption\":\"Relax Resort Kreischberg\"},\"image\":{\"@id\":\"https:\\\/\\\/relaxmurau.at\\\/hu\\\/#\\\/schema\\\/logo\\\/image\\\/\"}}]}<\/script>\n<!-- \/ Yoast SEO plugin. -->","yoast_head_json":{"title":"Feh\u00e9r kar\u00e1csony a hegyekben - Relax Resort Kreischberg","robots":{"index":"index","follow":"follow","max-snippet":"max-snippet:-1","max-image-preview":"max-image-preview:large","max-video-preview":"max-video-preview:-1"},"canonical":"https:\/\/relaxmurau.at\/en\/offers\/marciusi-sieles-baratokkal\/","og_locale":"en_GB","og_type":"article","og_title":"Feh\u00e9r kar\u00e1csony a hegyekben - Relax Resort Kreischberg","og_description":"Egy hely, ahol garant\u00e1ltan feh\u00e9r kar\u00e1csony v\u00e1r, h\u00f3biztos s\u00edp\u00e1ly\u00e1kkal, \u00e9s csillog\u00f3h\u00f3takar\u00f3val. T\u00f6ltsd vel\u00fcnk az \u00fcnnepeket! \u00c9rv\u00e9nyes: 2024.12.23-12.26. Kedvezm\u00e9nyes aj\u00e1nlatunk az al\u00e1bbi szolg\u00e1ltat\u00e1sokat tartalmazza: Sz\u00e1ll\u00e1s, a kiv\u00e1lasztott szobat\u00edpusban B\u0151s\u00e9ges b\u00fcf\u00e9reggeli F\u00e9lpanzi\u00f3s vacsora sz\u00e9les v\u00e1laszt\u00e9kkal 42 km hossz\u00fa s\u00edp\u00e1lya a sz\u00e1lloda k\u00f6zvetlen k\u00f6zel\u00e9ben* Csomag extra: \u00dcnnepi vacsora kar\u00e1csony napjain Apr\u00f3 meglepet\u00e9s a szob\u00e1ban Kar\u00e1csonyi k\u00e9sz\u00fcl\u0151d\u00e9s &#8211;\u00a0 anim\u00e1ci\u00f3s [&hellip;]","og_url":"https:\/\/relaxmurau.at\/en\/offers\/marciusi-sieles-baratokkal\/","og_site_name":"Relax Resort Kreischberg","article_modified_time":"2024-06-03T13:05:48+00:00","og_image":[{"width":2428,"height":2560,"url":"https:\/\/relaxmurau.at\/wp-content\/uploads\/2024\/01\/aperol1-scaled.jpg","type":"image\/jpeg"}],"twitter_card":"summary_large_image","twitter_misc":{"Estimated reading time":"1 minute"},"schema":{"@context":"https:\/\/schema.org","@graph":[{"@type":"WebPage","@id":"https:\/\/relaxmurau.at\/ajanlataink\/feher-karacsony-a-hegyekben\/","url":"https:\/\/relaxmurau.at\/ajanlataink\/feher-karacsony-a-hegyekben\/","name":"Feh\u00e9r kar\u00e1csony a hegyekben - Relax Resort Kreischberg","isPartOf":{"@id":"https:\/\/relaxmurau.at\/hu\/#website"},"primaryImageOfPage":{"@id":"https:\/\/relaxmurau.at\/ajanlataink\/feher-karacsony-a-hegyekben\/#primaryimage"},"image":{"@id":"https:\/\/relaxmurau.at\/ajanlataink\/feher-karacsony-a-hegyekben\/#primaryimage"},"thumbnailUrl":"https:\/\/relaxmurau.at\/wp-content\/uploads\/2024\/01\/aperol1-scaled.jpg","datePublished":"2024-01-31T08:17:08+00:00","dateModified":"2024-06-03T13:05:48+00:00","breadcrumb":{"@id":"https:\/\/relaxmurau.at\/ajanlataink\/feher-karacsony-a-hegyekben\/#breadcrumb"},"inLanguage":"en-GB","potentialAction":[{"@type":"ReadAction","target":["https:\/\/relaxmurau.at\/ajanlataink\/feher-karacsony-a-hegyekben\/"]}]},{"@type":"ImageObject","inLanguage":"en-GB","@id":"https:\/\/relaxmurau.at\/ajanlataink\/feher-karacsony-a-hegyekben\/#primaryimage","url":"https:\/\/relaxmurau.at\/wp-content\/uploads\/2024\/01\/aperol1-scaled.jpg","contentUrl":"https:\/\/relaxmurau.at\/wp-content\/uploads\/2024\/01\/aperol1-scaled.jpg","width":2428,"height":2560},{"@type":"BreadcrumbList","@id":"https:\/\/relaxmurau.at\/ajanlataink\/feher-karacsony-a-hegyekben\/#breadcrumb","itemListElement":[{"@type":"ListItem","position":1,"name":"Kezd\u0151lap","item":"https:\/\/relaxmurau.at\/"},{"@type":"ListItem","position":2,"name":"Aj\u00e1nlataink","item":"https:\/\/relaxmurau.at\/ajanlataink\/"},{"@type":"ListItem","position":3,"name":"Feh\u00e9r kar\u00e1csony a hegyekben"}]},{"@type":"WebSite","@id":"https:\/\/relaxmurau.at\/hu\/#website","url":"https:\/\/relaxmurau.at\/hu\/","name":"Relax Resort Kreischberg","description":"Relax Resort Kreischberg","publisher":{"@id":"https:\/\/relaxmurau.at\/hu\/#organization"},"potentialAction":[{"@type":"SearchAction","target":{"@type":"EntryPoint","urlTemplate":"https:\/\/relaxmurau.at\/hu\/?s={search_term_string}"},"query-input":{"@type":"PropertyValueSpecification","valueRequired":true,"valueName":"search_term_string"}}],"inLanguage":"en-GB"},{"@type":"Organization","@id":"https:\/\/relaxmurau.at\/hu\/#organization","name":"Relax Resort Kreischberg","url":"https:\/\/relaxmurau.at\/hu\/","logo":{"@type":"ImageObject","inLanguage":"en-GB","@id":"https:\/\/relaxmurau.at\/hu\/#\/schema\/logo\/image\/","url":"https:\/\/relaxmurau.at\/wp-content\/uploads\/2023\/06\/relaxmurau-logo-gold.png","contentUrl":"https:\/\/relaxmurau.at\/wp-content\/uploads\/2023\/06\/relaxmurau-logo-gold.png","width":298,"height":83,"caption":"Relax Resort Kreischberg"},"image":{"@id":"https:\/\/relaxmurau.at\/hu\/#\/schema\/logo\/image\/"}}]}},"_links":{"self":[{"href":"https:\/\/relaxmurau.at\/en\/wp-json\/wp\/v2\/pages\/2668","targetHints":{"allow":["GET"]}}],"collection":[{"href":"https:\/\/relaxmurau.at\/en\/wp-json\/wp\/v2\/pages"}],"about":[{"href":"https:\/\/relaxmurau.at\/en\/wp-json\/wp\/v2\/types\/page"}],"author":[{"embeddable":true,"href":"https:\/\/relaxmurau.at\/en\/wp-json\/wp\/v2\/users\/4"}],"replies":[{"embeddable":true,"href":"https:\/\/relaxmurau.at\/en\/wp-json\/wp\/v2\/comments?post=2668"}],"version-history":[{"count":12,"href":"https:\/\/relaxmurau.at\/en\/wp-json\/wp\/v2\/pages\/2668\/revisions"}],"predecessor-version":[{"id":3023,"href":"https:\/\/relaxmurau.at\/en\/wp-json\/wp\/v2\/pages\/2668\/revisions\/3023"}],"up":[{"embeddable":true,"href":"https:\/\/relaxmurau.at\/en\/wp-json\/wp\/v2\/pages\/274"}],"wp:featuredmedia":[{"embeddable":true,"href":"https:\/\/relaxmurau.at\/en\/wp-json\/wp\/v2\/media\/2661"}],"wp:attachment":[{"href":"https:\/\/relaxmurau.at\/en\/wp-json\/wp\/v2\/media?parent=2668"}],"curies":[{"name":"wp","href":"https:\/\/api.w.org\/{rel}","templated":true}]}}