{"id":1216,"date":"2023-06-26T13:57:51","date_gmt":"2023-06-26T11:57:51","guid":{"rendered":"https:\/\/relaxmurau.at\/?page_id=1216"},"modified":"2023-07-28T10:13:49","modified_gmt":"2023-07-28T08:13:49","slug":"bergsommer-auf-dem-kreischberg","status":"publish","type":"page","link":"https:\/\/relaxmurau.at\/de\/hegyvideki-nyar-a-kreischbergben\/","title":{"rendered":"Hegyvid\u00e9ki ny\u00e1r a Kreischbergben"},"content":{"rendered":"<div data-elementor-type=\"wp-page\" data-elementor-id=\"1216\" class=\"elementor elementor-1216\" data-elementor-post-type=\"page\">\n\t\t\t\t<div class=\"elementor-element elementor-element-0349aa9 e-con-full e-flex e-con e-parent\" data-id=\"0349aa9\" data-element_type=\"container\" data-e-type=\"container\">\n\t\t<div class=\"elementor-element elementor-element-3d9544f e-con-full e-flex e-con e-parent\" data-id=\"3d9544f\" data-element_type=\"container\" data-e-type=\"container\" data-settings=\"{&quot;background_background&quot;:&quot;classic&quot;}\">\n\t\t\t\t<div class=\"elementor-element elementor-element-b4dead1 elementor-widget elementor-widget-image\" data-id=\"b4dead1\" data-element_type=\"widget\" data-e-type=\"widget\" data-widget_type=\"image.default\">\n\t\t\t\t<div class=\"elementor-widget-container\">\n\t\t\t\t\t\t\t\t\t\t\t\t\t\t\t<img loading=\"lazy\" decoding=\"async\" width=\"656\" height=\"656\" src=\"https:\/\/relaxmurau.at\/wp-content\/uploads\/2023\/06\/Etrachsee.jpg\" class=\"attachment-large size-large wp-image-451\" alt=\"\" srcset=\"https:\/\/relaxmurau.at\/wp-content\/uploads\/2023\/06\/Etrachsee.jpg 656w, https:\/\/relaxmurau.at\/wp-content\/uploads\/2023\/06\/Etrachsee-300x300.jpg 300w, https:\/\/relaxmurau.at\/wp-content\/uploads\/2023\/06\/Etrachsee-150x150.jpg 150w\" sizes=\"auto, (max-width: 656px) 100vw, 656px\" \/>\t\t\t\t\t\t\t\t\t\t\t\t\t\t\t<\/div>\n\t\t\t\t<\/div>\n\t\t\t\t<\/div>\n\t\t<div class=\"elementor-element elementor-element-6d4f29c e-con-full e-flex e-con e-parent\" data-id=\"6d4f29c\" data-element_type=\"container\" data-e-type=\"container\">\n\t\t\t\t<div class=\"elementor-element elementor-element-e8f1566 elementor-widget elementor-widget-heading\" data-id=\"e8f1566\" data-element_type=\"widget\" data-e-type=\"widget\" data-widget_type=\"heading.default\">\n\t\t\t\t<div class=\"elementor-widget-container\">\n\t\t\t\t\t<h3 class=\"elementor-heading-title elementor-size-default\">Sommerreservierung<\/h3>\t\t\t\t<\/div>\n\t\t\t\t<\/div>\n\t\t\t\t<div class=\"elementor-element elementor-element-dbc97eb elementor-widget elementor-widget-heading\" data-id=\"dbc97eb\" data-element_type=\"widget\" data-e-type=\"widget\" data-widget_type=\"heading.default\">\n\t\t\t\t<div class=\"elementor-widget-container\">\n\t\t\t\t\t<h2 class=\"elementor-heading-title elementor-size-default\">Hegyvid\u00e9ki ny\u00e1r a Kreischbergben<\/h2>\t\t\t\t<\/div>\n\t\t\t\t<\/div>\n\t\t\t\t<div class=\"elementor-element elementor-element-35003e0 elementor-widget elementor-widget-text-editor\" data-id=\"35003e0\" data-element_type=\"widget\" data-e-type=\"widget\" data-widget_type=\"text-editor.default\">\n\t\t\t\t<div class=\"elementor-widget-container\">\n\t\t\t\t\t\t\t\t\t<p><strong>Extra kedvezm\u00e9nyes aj\u00e1nlat, kiz\u00e1r\u00f3lag m\u00e1jus 23-26 k\u00f6z\u00f6tt! Foglalj most j\u00falius 2 \u00e9s szeptember 15 k\u00f6z\u00f6tti id\u0151szakra a megadott d\u00e1tumon, \u00e9s fedezd fel Murau vid\u00e9k\u00e9t ny\u00e1ron is!<br \/>A csomag \u00e1ra: 56.630 Ft \/ 2 f\u0151 \/ \u00e9jszaka<br \/>\u00c9rv\u00e9nyes: 2023. j\u00falius 2 \u2013 szeptember 15., minimum 2 \u00e9jszaka foglal\u00e1s eset\u00e9n.<\/strong><\/p><p>Az utalv\u00e1ny az al\u00e1bbi szolg\u00e1ltat\u00e1sokat tartalmazza:<\/p><ul><li>Sz\u00e1ll\u00e1s 3 \u00e9jszak\u00e1ra 4 napra 2 f\u0151 r\u00e9sz\u00e9re Standard szob\u00e1ban<\/li><li>B\u0151s\u00e9ges b\u00fcf\u00e9reggeli \u00e9s vacsora<\/li><li>A panor\u00e1m\u00e1s wellness o\u00e1zis korl\u00e1tlan haszn\u00e1lata<\/li><\/ul>\t\t\t\t\t\t\t\t<\/div>\n\t\t\t\t<\/div>\n\t\t\t\t<div class=\"elementor-element elementor-element-8fdb4ac elementor-widget elementor-widget-accordion\" data-id=\"8fdb4ac\" data-element_type=\"widget\" data-e-type=\"widget\" data-widget_type=\"accordion.default\">\n\t\t\t\t<div class=\"elementor-widget-container\">\n\t\t\t\t\t\t\t<div class=\"elementor-accordion\">\n\t\t\t\t\t\t\t<div class=\"elementor-accordion-item\">\n\t\t\t\t\t<div id=\"elementor-tab-title-1501\" class=\"elementor-tab-title\" data-tab=\"1\" role=\"button\" aria-controls=\"elementor-tab-content-1501\" aria-expanded=\"false\">\n\t\t\t\t\t\t\t\t\t\t\t\t\t<span class=\"elementor-accordion-icon elementor-accordion-icon-left\" aria-hidden=\"true\">\n\t\t\t\t\t\t\t\t\t\t\t\t\t\t\t<span class=\"elementor-accordion-icon-closed\"><i class=\"fas fa-plus\"><\/i><\/span>\n\t\t\t\t\t\t\t\t<span class=\"elementor-accordion-icon-opened\"><i class=\"fas fa-minus\"><\/i><\/span>\n\t\t\t\t\t\t\t\t\t\t\t\t\t\t<\/span>\n\t\t\t\t\t\t\t\t\t\t\t\t<a class=\"elementor-accordion-title\" tabindex=\"0\">Paket zus\u00e4tzlich:<\/a>\n\t\t\t\t\t<\/div>\n\t\t\t\t\t<div id=\"elementor-tab-content-1501\" class=\"elementor-tab-content elementor-clearfix\" data-tab=\"1\" role=\"region\" aria-labelledby=\"elementor-tab-title-1501\"><ul><li>Begr\u00fc\u00dfungsgetr\u00e4nk<\/li><li>Leihm\u00f6glichkeit, ein Fahrrad vor Ort zu mieten, gegen Aufpreis<\/li><li>Kostenlose Karte von der \u00f6rtlichen Wanderwege<\/li><li>10 % Rabatt auf unsere Massagen<\/li><li>Erfrischungslimonade im Bar am Nachmittag<\/li><li>F\u00fcrd\u0151k\u00f6peny \u00e9s t\u00f6r\u00f6lk\u00f6z\u0151 haszn\u00e1lat<\/li><li>Parkol\u00e1s<\/li><li>Wi-Fi<\/li><li>Allgemeine Umsatzsteuer<\/li><\/ul><\/div>\n\t\t\t\t<\/div>\n\t\t\t\t\t\t\t<div class=\"elementor-accordion-item\">\n\t\t\t\t\t<div id=\"elementor-tab-title-1502\" class=\"elementor-tab-title\" data-tab=\"2\" role=\"button\" aria-controls=\"elementor-tab-content-1502\" aria-expanded=\"false\">\n\t\t\t\t\t\t\t\t\t\t\t\t\t<span class=\"elementor-accordion-icon elementor-accordion-icon-left\" aria-hidden=\"true\">\n\t\t\t\t\t\t\t\t\t\t\t\t\t\t\t<span class=\"elementor-accordion-icon-closed\"><i class=\"fas fa-plus\"><\/i><\/span>\n\t\t\t\t\t\t\t\t<span class=\"elementor-accordion-icon-opened\"><i class=\"fas fa-minus\"><\/i><\/span>\n\t\t\t\t\t\t\t\t\t\t\t\t\t\t<\/span>\n\t\t\t\t\t\t\t\t\t\t\t\t<a class=\"elementor-accordion-title\" tabindex=\"0\">Fel\u00e1rak:<\/a>\n\t\t\t\t\t<\/div>\n\t\t\t\t\t<div id=\"elementor-tab-content-1502\" class=\"elementor-tab-content elementor-clearfix\" data-tab=\"2\" role=\"region\" aria-labelledby=\"elementor-tab-title-1502\"><ul><li>H\u00e9tv\u00e9gi fel\u00e1r: 10.990 Ft \/ utalv\u00e1ny<\/li><li>Superior szoba fel\u00e1r: 10.990 Ft\u00a0 \/ szoba \/ \u00e9j<\/li><li>Lakoszt\u00e1ly fel\u00e1r: 24.990 Ft \/ szoba \/ \u00e9j<\/li><\/ul><\/div>\n\t\t\t\t<\/div>\n\t\t\t\t\t\t\t<div class=\"elementor-accordion-item\">\n\t\t\t\t\t<div id=\"elementor-tab-title-1503\" class=\"elementor-tab-title\" data-tab=\"3\" role=\"button\" aria-controls=\"elementor-tab-content-1503\" aria-expanded=\"false\">\n\t\t\t\t\t\t\t\t\t\t\t\t\t<span class=\"elementor-accordion-icon elementor-accordion-icon-left\" aria-hidden=\"true\">\n\t\t\t\t\t\t\t\t\t\t\t\t\t\t\t<span class=\"elementor-accordion-icon-closed\"><i class=\"fas fa-plus\"><\/i><\/span>\n\t\t\t\t\t\t\t\t<span class=\"elementor-accordion-icon-opened\"><i class=\"fas fa-minus\"><\/i><\/span>\n\t\t\t\t\t\t\t\t\t\t\t\t\t\t<\/span>\n\t\t\t\t\t\t\t\t\t\t\t\t<a class=\"elementor-accordion-title\" tabindex=\"0\">P\u00f3t\u00e1gy fel\u00e1rak:<\/a>\n\t\t\t\t\t<\/div>\n\t\t\t\t\t<div id=\"elementor-tab-content-1503\" class=\"elementor-tab-content elementor-clearfix\" data-tab=\"3\" role=\"region\" aria-labelledby=\"elementor-tab-title-1503\"><ul><li>0-6 \u00e9ves korig: ingyenes<\/li><li>7-10 \u00e9ves korig: 14.000 Ft \/ \u00e9jszaka<\/li><li>11-14 \u00e9ves korig: 21.500 Ft \/ \u00e9jszaka<\/li><li>15 \u00e9ves kor felett, vagy feln\u0151tt p\u00f3t\u00e1gy: 24.000 Ft \/ \u00e9jszaka<\/li><\/ul><\/div>\n\t\t\t\t<\/div>\n\t\t\t\t\t\t\t\t<\/div>\n\t\t\t\t\t\t<\/div>\n\t\t\t\t<\/div>\n\t\t\t\t<div class=\"elementor-element elementor-element-e1d692b elementor-widget elementor-widget-heading\" data-id=\"e1d692b\" data-element_type=\"widget\" data-e-type=\"widget\" data-widget_type=\"heading.default\">\n\t\t\t\t<div class=\"elementor-widget-container\">\n\t\t\t\t\t<div class=\"elementor-heading-title elementor-size-default\">Az \u00e1rak eur\u00f3ban vannak meghat\u00e1rozva, \u00edgy minim\u00e1lisan elt\u00e9rhetnek az \u00e1rfolyamk\u00fcl\u00f6nb\u00f6zet miatt.<\/div>\t\t\t\t<\/div>\n\t\t\t\t<\/div>\n\t\t<div class=\"elementor-element elementor-element-a125299 e-con-full e-flex e-con e-parent\" data-id=\"a125299\" data-element_type=\"container\" data-e-type=\"container\">\n\t\t\t\t<div class=\"elementor-element elementor-element-ad50ddd elementor-widget elementor-widget-button\" data-id=\"ad50ddd\" data-element_type=\"widget\" data-e-type=\"widget\" data-widget_type=\"button.default\">\n\t\t\t\t<div class=\"elementor-widget-container\">\n\t\t\t\t\t\t\t\t\t<div class=\"elementor-button-wrapper\">\n\t\t\t\t\t<a class=\"elementor-button elementor-button-link elementor-size-sm\" href=\"https:\/\/nethotelbooking.net\/hotels\/relaxmurau\/page=index;ca_currency=EUR;lang=de?&amp;_ga=2.158947257.2033024007.1690278035-934421115.1684754793#0T81TYWGVCF3K8HBABK28HR7BFV3ZHZCDGA2\">\n\t\t\t\t\t\t<span class=\"elementor-button-content-wrapper\">\n\t\t\t\t\t\t\t\t\t<span class=\"elementor-button-text\">Zimmerreservierung<\/span>\n\t\t\t\t\t<\/span>\n\t\t\t\t\t<\/a>\n\t\t\t\t<\/div>\n\t\t\t\t\t\t\t\t<\/div>\n\t\t\t\t<\/div>\n\t\t\t\t<div class=\"elementor-element elementor-element-57ed7cb elementor-align-left elementor-widget elementor-widget-button\" data-id=\"57ed7cb\" data-element_type=\"widget\" data-e-type=\"widget\" data-widget_type=\"button.default\">\n\t\t\t\t<div class=\"elementor-widget-container\">\n\t\t\t\t\t\t\t\t\t<div class=\"elementor-button-wrapper\">\n\t\t\t\t\t<a class=\"elementor-button elementor-button-link elementor-size-sm\" href=\"#elementor-action%3Aaction%3Dpopup%3Aopen%26settings%3DeyJpZCI6IjMwNyIsInRvZ2dsZSI6ZmFsc2V9\">\n\t\t\t\t\t\t<span class=\"elementor-button-content-wrapper\">\n\t\t\t\t\t\t<span class=\"elementor-button-icon\">\n\t\t\t\t<svg xmlns=\"http:\/\/www.w3.org\/2000\/svg\" width=\"16\" height=\"16\" viewbox=\"0 0 16 16\" fill=\"none\"><circle cx=\"8\" cy=\"8\" r=\"6.5\" stroke=\"black\" stroke-opacity=\"0.54\"><\/circle><path d=\"M7 4.93204C7 4.64725 7.09061 4.42071 7.27184 4.25243C7.46602 4.08414 7.71197 4 8.00971 4C8.30744 4 8.54693 4.08414 8.72816 4.25243C8.90939 4.42071 9 4.64725 9 4.93204C9 5.20388 8.90939 5.42395 8.72816 5.59223C8.54693 5.76052 8.30744 5.84466 8.00971 5.84466C7.71197 5.84466 7.46602 5.76052 7.27184 5.59223C7.09061 5.42395 7 5.20388 7 4.93204ZM8.68932 7V12H7.31068V7H8.68932Z\" fill=\"black\" fill-opacity=\"0.54\"><\/path><\/svg>\t\t\t<\/span>\n\t\t\t\t\t\t\t\t\t<span class=\"elementor-button-text\">Buchungsbedingungen<\/span>\n\t\t\t\t\t<\/span>\n\t\t\t\t\t<\/a>\n\t\t\t\t<\/div>\n\t\t\t\t\t\t\t\t<\/div>\n\t\t\t\t<\/div>\n\t\t\t\t<\/div>\n\t\t\t\t<\/div>\n\t\t\t\t<\/div>\n\t\t\t\t<\/div>","protected":false},"excerpt":{"rendered":"<p>Ny\u00e1ri el\u0151foglal\u00e1s! Hegyvid\u00e9ki ny\u00e1r a Kreischbergben Extra kedvezm\u00e9nyes aj\u00e1nlat, kiz\u00e1r\u00f3lag m\u00e1jus 23-26 k\u00f6z\u00f6tt! Foglalj most j\u00falius 2 \u00e9s szeptember 15 k\u00f6z\u00f6tti id\u0151szakra a megadott d\u00e1tumon, \u00e9s fedezd fel Murau vid\u00e9k\u00e9t ny\u00e1ron is!A csomag \u00e1ra: 56.630 Ft \/ 2 f\u0151 \/ \u00e9jszaka\u00c9rv\u00e9nyes: 2023. j\u00falius 2 \u2013 szeptember 15., minimum 2 \u00e9jszaka foglal\u00e1s eset\u00e9n. Az utalv\u00e1ny az [&hellip;]<\/p>\n","protected":false},"author":4,"featured_media":451,"parent":0,"menu_order":0,"comment_status":"closed","ping_status":"closed","template":"","meta":{"footnotes":""},"class_list":["post-1216","page","type-page","status-publish","has-post-thumbnail","hentry"],"yoast_head":"<!-- This site is optimized with the Yoast SEO plugin v27.4 - https:\/\/yoast.com\/product\/yoast-seo-wordpress\/ -->\n<title>Hegyvid\u00e9ki ny\u00e1r a Kreischbergben - Relax Resort Kreischberg<\/title>\n<meta name=\"robots\" content=\"index, follow, max-snippet:-1, max-image-preview:large, max-video-preview:-1\" \/>\n<link rel=\"canonical\" href=\"https:\/\/relaxmurau.at\/de\/bergsommer-auf-dem-kreischberg\/\" \/>\n<meta property=\"og:locale\" content=\"de_DE\" \/>\n<meta property=\"og:type\" content=\"article\" \/>\n<meta property=\"og:title\" content=\"Hegyvid\u00e9ki ny\u00e1r a Kreischbergben - Relax Resort Kreischberg\" \/>\n<meta property=\"og:description\" content=\"Ny\u00e1ri el\u0151foglal\u00e1s! Hegyvid\u00e9ki ny\u00e1r a Kreischbergben Extra kedvezm\u00e9nyes aj\u00e1nlat, kiz\u00e1r\u00f3lag m\u00e1jus 23-26 k\u00f6z\u00f6tt! Foglalj most j\u00falius 2 \u00e9s szeptember 15 k\u00f6z\u00f6tti id\u0151szakra a megadott d\u00e1tumon, \u00e9s fedezd fel Murau vid\u00e9k\u00e9t ny\u00e1ron is!A csomag \u00e1ra: 56.630 Ft \/ 2 f\u0151 \/ \u00e9jszaka\u00c9rv\u00e9nyes: 2023. j\u00falius 2 \u2013 szeptember 15., minimum 2 \u00e9jszaka foglal\u00e1s eset\u00e9n. Az utalv\u00e1ny az [&hellip;]\" \/>\n<meta property=\"og:url\" content=\"https:\/\/relaxmurau.at\/de\/bergsommer-auf-dem-kreischberg\/\" \/>\n<meta property=\"og:site_name\" content=\"Relax Resort Kreischberg\" \/>\n<meta property=\"article:modified_time\" content=\"2023-07-28T08:13:49+00:00\" \/>\n<meta property=\"og:image\" content=\"https:\/\/relaxmurau.at\/wp-content\/uploads\/2023\/06\/Etrachsee.jpg\" \/>\n\t<meta property=\"og:image:width\" content=\"656\" \/>\n\t<meta property=\"og:image:height\" content=\"656\" \/>\n\t<meta property=\"og:image:type\" content=\"image\/jpeg\" \/>\n<meta name=\"twitter:card\" content=\"summary_large_image\" \/>\n<meta name=\"twitter:label1\" content=\"Gesch\u00e4tzte Lesezeit\" \/>\n\t<meta name=\"twitter:data1\" content=\"1\u00a0Minute\" \/>\n<script type=\"application\/ld+json\" class=\"yoast-schema-graph\">{\"@context\":\"https:\\\/\\\/schema.org\",\"@graph\":[{\"@type\":\"WebPage\",\"@id\":\"https:\\\/\\\/relaxmurau.at\\\/de\\\/bergsommer-auf-dem-kreischberg\\\/\",\"url\":\"https:\\\/\\\/relaxmurau.at\\\/de\\\/bergsommer-auf-dem-kreischberg\\\/\",\"name\":\"Hegyvid\u00e9ki ny\u00e1r a Kreischbergben - Relax Resort Kreischberg\",\"isPartOf\":{\"@id\":\"https:\\\/\\\/relaxmurau.at\\\/hu\\\/#website\"},\"primaryImageOfPage\":{\"@id\":\"https:\\\/\\\/relaxmurau.at\\\/de\\\/bergsommer-auf-dem-kreischberg\\\/#primaryimage\"},\"image\":{\"@id\":\"https:\\\/\\\/relaxmurau.at\\\/de\\\/bergsommer-auf-dem-kreischberg\\\/#primaryimage\"},\"thumbnailUrl\":\"https:\\\/\\\/relaxmurau.at\\\/wp-content\\\/uploads\\\/2023\\\/06\\\/Etrachsee.jpg\",\"datePublished\":\"2023-06-26T11:57:51+00:00\",\"dateModified\":\"2023-07-28T08:13:49+00:00\",\"breadcrumb\":{\"@id\":\"https:\\\/\\\/relaxmurau.at\\\/de\\\/bergsommer-auf-dem-kreischberg\\\/#breadcrumb\"},\"inLanguage\":\"de\",\"potentialAction\":[{\"@type\":\"ReadAction\",\"target\":[\"https:\\\/\\\/relaxmurau.at\\\/de\\\/bergsommer-auf-dem-kreischberg\\\/\"]}]},{\"@type\":\"ImageObject\",\"inLanguage\":\"de\",\"@id\":\"https:\\\/\\\/relaxmurau.at\\\/de\\\/bergsommer-auf-dem-kreischberg\\\/#primaryimage\",\"url\":\"https:\\\/\\\/relaxmurau.at\\\/wp-content\\\/uploads\\\/2023\\\/06\\\/Etrachsee.jpg\",\"contentUrl\":\"https:\\\/\\\/relaxmurau.at\\\/wp-content\\\/uploads\\\/2023\\\/06\\\/Etrachsee.jpg\",\"width\":656,\"height\":656},{\"@type\":\"BreadcrumbList\",\"@id\":\"https:\\\/\\\/relaxmurau.at\\\/de\\\/bergsommer-auf-dem-kreischberg\\\/#breadcrumb\",\"itemListElement\":[{\"@type\":\"ListItem\",\"position\":1,\"name\":\"Kezd\u0151lap\",\"item\":\"https:\\\/\\\/relaxmurau.at\\\/\"},{\"@type\":\"ListItem\",\"position\":2,\"name\":\"Hegyvid\u00e9ki ny\u00e1r a Kreischbergben\"}]},{\"@type\":\"WebSite\",\"@id\":\"https:\\\/\\\/relaxmurau.at\\\/hu\\\/#website\",\"url\":\"https:\\\/\\\/relaxmurau.at\\\/hu\\\/\",\"name\":\"Relax Resort Kreischberg\",\"description\":\"Relax Resort Kreischberg\",\"publisher\":{\"@id\":\"https:\\\/\\\/relaxmurau.at\\\/hu\\\/#organization\"},\"potentialAction\":[{\"@type\":\"SearchAction\",\"target\":{\"@type\":\"EntryPoint\",\"urlTemplate\":\"https:\\\/\\\/relaxmurau.at\\\/hu\\\/?s={search_term_string}\"},\"query-input\":{\"@type\":\"PropertyValueSpecification\",\"valueRequired\":true,\"valueName\":\"search_term_string\"}}],\"inLanguage\":\"de\"},{\"@type\":\"Organization\",\"@id\":\"https:\\\/\\\/relaxmurau.at\\\/hu\\\/#organization\",\"name\":\"Relax Resort Kreischberg\",\"url\":\"https:\\\/\\\/relaxmurau.at\\\/hu\\\/\",\"logo\":{\"@type\":\"ImageObject\",\"inLanguage\":\"de\",\"@id\":\"https:\\\/\\\/relaxmurau.at\\\/hu\\\/#\\\/schema\\\/logo\\\/image\\\/\",\"url\":\"https:\\\/\\\/relaxmurau.at\\\/wp-content\\\/uploads\\\/2023\\\/06\\\/relaxmurau-logo-gold.png\",\"contentUrl\":\"https:\\\/\\\/relaxmurau.at\\\/wp-content\\\/uploads\\\/2023\\\/06\\\/relaxmurau-logo-gold.png\",\"width\":298,\"height\":83,\"caption\":\"Relax Resort Kreischberg\"},\"image\":{\"@id\":\"https:\\\/\\\/relaxmurau.at\\\/hu\\\/#\\\/schema\\\/logo\\\/image\\\/\"}}]}<\/script>\n<!-- \/ Yoast SEO plugin. -->","yoast_head_json":{"title":"Hegyvid\u00e9ki ny\u00e1r a Kreischbergben - Relax Resort Kreischberg","robots":{"index":"index","follow":"follow","max-snippet":"max-snippet:-1","max-image-preview":"max-image-preview:large","max-video-preview":"max-video-preview:-1"},"canonical":"https:\/\/relaxmurau.at\/de\/bergsommer-auf-dem-kreischberg\/","og_locale":"de_DE","og_type":"article","og_title":"Hegyvid\u00e9ki ny\u00e1r a Kreischbergben - Relax Resort Kreischberg","og_description":"Ny\u00e1ri el\u0151foglal\u00e1s! Hegyvid\u00e9ki ny\u00e1r a Kreischbergben Extra kedvezm\u00e9nyes aj\u00e1nlat, kiz\u00e1r\u00f3lag m\u00e1jus 23-26 k\u00f6z\u00f6tt! Foglalj most j\u00falius 2 \u00e9s szeptember 15 k\u00f6z\u00f6tti id\u0151szakra a megadott d\u00e1tumon, \u00e9s fedezd fel Murau vid\u00e9k\u00e9t ny\u00e1ron is!A csomag \u00e1ra: 56.630 Ft \/ 2 f\u0151 \/ \u00e9jszaka\u00c9rv\u00e9nyes: 2023. j\u00falius 2 \u2013 szeptember 15., minimum 2 \u00e9jszaka foglal\u00e1s eset\u00e9n. Az utalv\u00e1ny az [&hellip;]","og_url":"https:\/\/relaxmurau.at\/de\/bergsommer-auf-dem-kreischberg\/","og_site_name":"Relax Resort Kreischberg","article_modified_time":"2023-07-28T08:13:49+00:00","og_image":[{"width":656,"height":656,"url":"https:\/\/relaxmurau.at\/wp-content\/uploads\/2023\/06\/Etrachsee.jpg","type":"image\/jpeg"}],"twitter_card":"summary_large_image","twitter_misc":{"Gesch\u00e4tzte Lesezeit":"1\u00a0Minute"},"schema":{"@context":"https:\/\/schema.org","@graph":[{"@type":"WebPage","@id":"https:\/\/relaxmurau.at\/de\/bergsommer-auf-dem-kreischberg\/","url":"https:\/\/relaxmurau.at\/de\/bergsommer-auf-dem-kreischberg\/","name":"Hegyvid\u00e9ki ny\u00e1r a Kreischbergben - Relax Resort Kreischberg","isPartOf":{"@id":"https:\/\/relaxmurau.at\/hu\/#website"},"primaryImageOfPage":{"@id":"https:\/\/relaxmurau.at\/de\/bergsommer-auf-dem-kreischberg\/#primaryimage"},"image":{"@id":"https:\/\/relaxmurau.at\/de\/bergsommer-auf-dem-kreischberg\/#primaryimage"},"thumbnailUrl":"https:\/\/relaxmurau.at\/wp-content\/uploads\/2023\/06\/Etrachsee.jpg","datePublished":"2023-06-26T11:57:51+00:00","dateModified":"2023-07-28T08:13:49+00:00","breadcrumb":{"@id":"https:\/\/relaxmurau.at\/de\/bergsommer-auf-dem-kreischberg\/#breadcrumb"},"inLanguage":"de","potentialAction":[{"@type":"ReadAction","target":["https:\/\/relaxmurau.at\/de\/bergsommer-auf-dem-kreischberg\/"]}]},{"@type":"ImageObject","inLanguage":"de","@id":"https:\/\/relaxmurau.at\/de\/bergsommer-auf-dem-kreischberg\/#primaryimage","url":"https:\/\/relaxmurau.at\/wp-content\/uploads\/2023\/06\/Etrachsee.jpg","contentUrl":"https:\/\/relaxmurau.at\/wp-content\/uploads\/2023\/06\/Etrachsee.jpg","width":656,"height":656},{"@type":"BreadcrumbList","@id":"https:\/\/relaxmurau.at\/de\/bergsommer-auf-dem-kreischberg\/#breadcrumb","itemListElement":[{"@type":"ListItem","position":1,"name":"Kezd\u0151lap","item":"https:\/\/relaxmurau.at\/"},{"@type":"ListItem","position":2,"name":"Hegyvid\u00e9ki ny\u00e1r a Kreischbergben"}]},{"@type":"WebSite","@id":"https:\/\/relaxmurau.at\/hu\/#website","url":"https:\/\/relaxmurau.at\/hu\/","name":"Relax Resort Kreischberg","description":"Relax Resort Kreischberg","publisher":{"@id":"https:\/\/relaxmurau.at\/hu\/#organization"},"potentialAction":[{"@type":"SearchAction","target":{"@type":"EntryPoint","urlTemplate":"https:\/\/relaxmurau.at\/hu\/?s={search_term_string}"},"query-input":{"@type":"PropertyValueSpecification","valueRequired":true,"valueName":"search_term_string"}}],"inLanguage":"de"},{"@type":"Organization","@id":"https:\/\/relaxmurau.at\/hu\/#organization","name":"Relax Resort Kreischberg","url":"https:\/\/relaxmurau.at\/hu\/","logo":{"@type":"ImageObject","inLanguage":"de","@id":"https:\/\/relaxmurau.at\/hu\/#\/schema\/logo\/image\/","url":"https:\/\/relaxmurau.at\/wp-content\/uploads\/2023\/06\/relaxmurau-logo-gold.png","contentUrl":"https:\/\/relaxmurau.at\/wp-content\/uploads\/2023\/06\/relaxmurau-logo-gold.png","width":298,"height":83,"caption":"Relax Resort Kreischberg"},"image":{"@id":"https:\/\/relaxmurau.at\/hu\/#\/schema\/logo\/image\/"}}]}},"_links":{"self":[{"href":"https:\/\/relaxmurau.at\/de\/wp-json\/wp\/v2\/pages\/1216","targetHints":{"allow":["GET"]}}],"collection":[{"href":"https:\/\/relaxmurau.at\/de\/wp-json\/wp\/v2\/pages"}],"about":[{"href":"https:\/\/relaxmurau.at\/de\/wp-json\/wp\/v2\/types\/page"}],"author":[{"embeddable":true,"href":"https:\/\/relaxmurau.at\/de\/wp-json\/wp\/v2\/users\/4"}],"replies":[{"embeddable":true,"href":"https:\/\/relaxmurau.at\/de\/wp-json\/wp\/v2\/comments?post=1216"}],"version-history":[{"count":5,"href":"https:\/\/relaxmurau.at\/de\/wp-json\/wp\/v2\/pages\/1216\/revisions"}],"predecessor-version":[{"id":1289,"href":"https:\/\/relaxmurau.at\/de\/wp-json\/wp\/v2\/pages\/1216\/revisions\/1289"}],"wp:featuredmedia":[{"embeddable":true,"href":"https:\/\/relaxmurau.at\/de\/wp-json\/wp\/v2\/media\/451"}],"wp:attachment":[{"href":"https:\/\/relaxmurau.at\/de\/wp-json\/wp\/v2\/media?parent=1216"}],"curies":[{"name":"wp","href":"https:\/\/api.w.org\/{rel}","templated":true}]}}